{"id":108,"date":"2018-10-04T18:58:50","date_gmt":"2018-10-04T16:58:50","guid":{"rendered":"http:\/\/www.whatsbold.com\/clients\/hiko\/?page_id=108"},"modified":"2025-05-07T07:15:23","modified_gmt":"2025-05-07T05:15:23","slug":"clenove","status":"publish","type":"page","link":"http:\/\/www.dt-ds-historikerkommission.de\/cs\/komise\/clenove\/","title":{"rendered":"\u010clenov\u00e9"},"content":{"rendered":"<h3>\u010cesk\u00e1 sekce<\/h3>\n<p><strong>Prof. Dr. Milo\u0161 \u0158ezn\u00edk (p\u0159edseda)<\/strong><br \/>\nTechnische Universit\u00e4t Chemnitz<br \/>\n<a href=\"https:\/\/www.tu-chemnitz.de\/phil\/iesg\/professuren\/erg\/professur_reznik.php\" rel=\"noopener\">\u00bb v\u00edce<\/a><\/p>\n<p><strong>Prof. PhDr. Zden\u011bk Bene\u0161, CSc.<\/strong><br \/>\n\u00dastav \u010desk\u00fdch d\u011bjin, Univerzita Karlova v Praze<br \/>\n<a href=\"https:\/\/ucd.ff.cuni.cz\/o-ustavu\/lide\/akademicti-pracovnici\/zdenek-benes\/\" rel=\"noopener\">\u00bb v\u00edce<\/a><\/p>\n<p><strong>Prof. Mgr. Luk\u00e1\u0161 Fasora, Ph.D.<\/strong><br \/>\nHistorick\u00fd \u00fastav, Filozofick\u00e1 fakulta, Masarykova univerzita, Brno<br \/>\n<a href=\"https:\/\/www.muni.cz\/lide\/6736-lukas-fasora\" rel=\"noopener\">\u00bb v\u00edce<\/a><\/p>\n<p><strong>Anna Hab\u00e1nov\u00e1, M.A., Ph.D.<\/strong><br \/>\nKatedra historie, Fakulta p\u0159\u00edrodov\u011bdn\u011b-humanitn\u00ed a pedagogick\u00e1, Technick\u00e1 univerzita v Liberci<br \/>\n<a href=\"https:\/\/khi.fp.tul.cz\/o-nas\/clenove-katedry?view=article&amp;id=119&amp;catid=10\" rel=\"noopener\">\u00bb v\u00edce<\/a><\/p>\n<p><strong>Doc. PhDr. Kristina Kaiserov\u00e1, CSc.<\/strong><br \/>\nFilozofick\u00e1 fakulta, Univerzita J. E. Purkyn\u011b v \u00dast\u00ed nad Labem<br \/>\n<a href=\"http:\/\/ff.ujep.cz\/15-khi\/personalni-slozeni\/27-doc-phdr-kristina-kaiserova-csc\" rel=\"noopener\">\u00bb v\u00edce<\/a><\/p>\n<p><strong>Prof. PhDr. Mgr. Tom\u00e1\u0161 Knoz, Ph.D.<\/strong><br \/>\nHistorick\u00fd \u00fastav, Filozofick\u00e1 fakulta, Masarykova univerzita, Brno<br \/>\n<a href=\"https:\/\/www.muni.cz\/lide\/2314-tomas-knoz\" rel=\"noopener\">\u00bb v\u00edce<\/a><\/p>\n<p><strong>PhDr. V\u00e1clav Petrbok, PhD.<\/strong><br \/>\n\u00dastav pro \u010deskou literaturu Akademie v\u011bd \u010cesk\u00e9 republiky, Praha<br \/>\n<a href=\"https:\/\/ucl.cas.cz\/pracovnik\/petrbok\/\" rel=\"noopener\">\u00bb v\u00edce<\/a><\/p>\n<p><strong>Mgr. Ond\u0159ej Kukan (administrativn\u00ed sekretari\u00e1t)<\/strong><br \/>\nInstitut mezin\u00e1rodn\u00edch studi\u00ed Fakulty soci\u00e1ln\u00edch v\u011bd Univerzity Karlovy v Praze<br \/>\n<a href=\"https:\/\/ims.fsv.cuni.cz\/contacts\/institute-members\/21259858\" rel=\"noopener\">\u00bb v\u00edce<\/a><\/p>\n<p><strong>Mgr. Martin Klement, Ph.D. (v\u011bdeck\u00fd sekretari\u00e1t)<\/strong><br \/>\nMasaryk\u016fv \u00fastav a Archiv Akademie v\u011bd \u010cesk\u00e9 republiky, Praha<br \/>\n<a href=\"https:\/\/www.mua.cas.cz\/cs\/lide\/detail-klement\" rel=\"noopener\">\u00bb v\u00edce<\/a><\/p>\n<h3>Slovensk\u00e1 sekce<\/h3>\n<p><strong>Prof. PaedDr. Martin Pek\u00e1r, PhD. (<span lang=\"cs\">p\u0159edseda<\/span>)<\/strong><br \/>\nFilozofick\u00e1 fakulta Univerzity Pavla Jozefa \u0160af\u00e1rika v Ko\u0161iciach<br \/>\n<a href=\"https:\/\/www.upjs.sk\/FF\/zamestnanec\/martin.pekar\/\" rel=\"noopener\">\u00bb v\u00edce<\/a><\/p>\n<p><strong>Prof. PhDr. Roman Holec, CSc.<\/strong><br \/>\nFilozofick\u00e1 fakulta Univerzity Komensk\u00e9ho v Bratislav\u011b<br \/>\n<a href=\"https:\/\/fphil.uniba.sk\/katedry-a-odborne-pracoviska\/ksd\/staff\/prof-phdr-roman-holec-drsc\/\" rel=\"noopener\">\u00bb v\u00edce<\/a><\/p>\n<p><strong>Mgr. Adam Hudek, PhD.<\/strong><br \/>\nHistorick\u00fd \u00fastav Slovensk\u00e9 akademie v\u011bd, Bratislava<br \/>\n<a href=\"http:\/\/www.history.sav.sk\/index.php?id=adam-hudek\" rel=\"noopener\">\u00bb v\u00edce<\/a><\/p>\n<p><strong>Jana Laslav\u00edkov\u00e1, PhD.<\/strong><br \/>\nHistorick\u00fd \u00fastav Slovensk\u00e9 akademie v\u011bd, Bratislava<br \/>\n<a href=\"http:\/\/www.history.sav.sk\/index.php?id=adam-hudek\" rel=\"noopener\">\u00bb<\/a><a href=\"https:\/\/sav-sk.academia.edu\/JanaLaslavikova\"> v\u00edce<\/a><\/p>\n<p><strong>Prof. PhDr. Eduard Ni\u017e\u0148ansk\u00fd, CSc.<\/strong><br \/>\nFilozofick\u00e1 fakulta Univerzity Komensk\u00e9ho v Bratislav\u011b<br \/>\n<a href=\"https:\/\/fphil.uniba.sk\/katedry-a-odborne-pracoviska\/katedra-vseobecnych-dejin\/clenovia-katedry\/eduard-niznansky\/\" rel=\"noopener\">\u00bb v\u00edce<\/a><\/p>\n<p><strong>PhDr. Michal Schvarc, PhD.<\/strong><br \/>\nHistorick\u00fd \u00fastav Slovensk\u00e9 akademie v\u011bd, Bratislava<br \/>\n<a href=\"http:\/\/www.history.sav.sk\/index.php?id=michal-schvarc\" rel=\"noopener\">\u00bb v\u00edce<\/a><\/p>\n<p><strong>Mgr. Miloslav Szab\u00f3, PhD.<\/strong><br \/>\nFilozofick\u00e1 fakulta Univerzity Komensk\u00e9ho v Bratislav\u011b<br \/>\n<a href=\"https:\/\/fphil.uniba.sk\/katedry-a-odborne-pracoviska\/katedra-germanistiky-nederlandistiky-a-skandinavistiky\/clenovia-katedry-mitarbeiterinnen\/mgr-miloslav-szabo-phd\/\" rel=\"noopener\">\u00bb v\u00edce<\/a><\/p>\n<h3>N\u011bmeck\u00e1 sekce<\/h3>\n<p><strong>Prof. Dr. Martina Winkler (p<\/strong><strong>\u0159edsedkyn\u011b<\/strong><strong>)<br \/>\n<\/strong>Univerzita Christiana Albrechta v Kielu<br \/>\n<a href=\"https:\/\/www.histsem.uni-kiel.de\/de\/das-institut-1\/abteilungen\/osteuropaeische-geschichte\/team\/prof-dr-martina-winkler\">\u00bb v\u00edce<\/a><\/p>\n<p><strong>Dr. Martin Z\u00fcckert (p\u0159edseda)<\/strong><br \/>\nCollegium Carolinum, Mnichov<br \/>\n<a href=\"https:\/\/www.collegium-carolinum.de\/institut\/team\/wissenschaftliche-projektmitarbeiterinnen-und-projektmitarbeiter\/dr-martin-zueckert\">\u00bb v\u00edce<\/a><\/p>\n<p><strong>Prof. Dr. Frank Hadler\u00a0<\/strong><br \/>\nLeibniz\u016fv institut pro d\u011bjiny a kulturu v\u00fdchodn\u00ed Evropy (GWZO), Lipsko<br \/>\n<a href=\"https:\/\/www.leibniz-gwzo.de\/de\/institut\/team-z\/frank-hadler\" rel=\"noopener\">\u00bb v\u00edce<\/a><\/p>\n<p><strong>Dr. Jana Pi\u0148osov\u00e1<br \/>\n<\/strong>Srbsk\u00fd institut, Budy\u0161\u00edn<br \/>\n<a href=\"https:\/\/www.serbski-institut.de\/mitarbeiter\/dr-jana-pinosova\">\u00bb v\u00edce<\/a><\/p>\n<p><strong>Prof. Dr. Martin Schulze Wessel<br \/>\n<\/strong>Katedra historie, Ludwig-Maximilians-Universit\u00e4t, Mnichov<strong><br \/>\n<a href=\"https:\/\/www.gose.geschichte.uni-muenchen.de\/personen\/professoren\/schulzewessel\/index.html\" rel=\"noopener\">\u00bb v\u00edce<\/a><\/strong><\/p>\n<p><strong>Dr. Sabine Stach<br \/>\n<\/strong>Leibniz\u016fv institut pro d\u011bjiny a kulturu v\u00fdchodn\u00ed Evropy (GWZO), Lipsko<br \/>\n<a href=\"https:\/\/www.leibniz-gwzo.de\/de\/institut\/team-z\/sabine-stach\">\u00bb v\u00edce<\/a><\/p>\n<p><strong>Dr. K. Erik Franzen (v\u011bdeck\u00fd sekretari\u00e1t)<\/strong><br \/>\nCollegium Carolinum, Mnichov<br \/>\n<a href=\"https:\/\/www.collegium-carolinum.de\/institut\/wissenschaftliche-und-projektmitarbeiterinnen\/dr-k-erik-franzen\" rel=\"noopener\">\u00bb v\u00edce<\/a><\/p>\n","protected":false},"excerpt":{"rendered":"<p>\u010cesk\u00e1 sekce Prof. Dr. Milo\u0161 \u0158ezn\u00edk (p\u0159edseda) Technische Universit\u00e4t Chemnitz \u00bb v\u00edce Prof. PhDr. Zden\u011bk Bene\u0161, CSc. \u00dastav \u010desk\u00fdch d\u011bjin, Univerzita Karlova v Praze \u00bb v\u00edce Prof. Mgr. Luk\u00e1\u0161 Fasora, Ph.D. Historick\u00fd \u00fastav, Filozofick\u00e1 fakulta, Masarykova univerzita, Brno \u00bb v\u00edce Anna Hab\u00e1nov\u00e1, M.A., Ph.D. Katedra historie, Fakulta p\u0159\u00edrodov\u011bdn\u011b-humanitn\u00ed a pedagogick\u00e1, Technick\u00e1 univerzita v Liberci \u00bb [&hellip;]<\/p>\n","protected":false},"author":1,"featured_media":0,"parent":176,"menu_order":1,"comment_status":"closed","ping_status":"closed","template":"","meta":{"footnotes":""},"class_list":["post-108","page","type-page","status-publish","hentry"],"_links":{"self":[{"href":"http:\/\/www.dt-ds-historikerkommission.de\/cs\/wp-json\/wp\/v2\/pages\/108","targetHints":{"allow":["GET"]}}],"collection":[{"href":"http:\/\/www.dt-ds-historikerkommission.de\/cs\/wp-json\/wp\/v2\/pages"}],"about":[{"href":"http:\/\/www.dt-ds-historikerkommission.de\/cs\/wp-json\/wp\/v2\/types\/page"}],"author":[{"embeddable":true,"href":"http:\/\/www.dt-ds-historikerkommission.de\/cs\/wp-json\/wp\/v2\/users\/1"}],"replies":[{"embeddable":true,"href":"http:\/\/www.dt-ds-historikerkommission.de\/cs\/wp-json\/wp\/v2\/comments?post=108"}],"version-history":[{"count":45,"href":"http:\/\/www.dt-ds-historikerkommission.de\/cs\/wp-json\/wp\/v2\/pages\/108\/revisions"}],"predecessor-version":[{"id":1776,"href":"http:\/\/www.dt-ds-historikerkommission.de\/cs\/wp-json\/wp\/v2\/pages\/108\/revisions\/1776"}],"up":[{"embeddable":true,"href":"http:\/\/www.dt-ds-historikerkommission.de\/cs\/wp-json\/wp\/v2\/pages\/176"}],"wp:attachment":[{"href":"http:\/\/www.dt-ds-historikerkommission.de\/cs\/wp-json\/wp\/v2\/media?parent=108"}],"curies":[{"name":"wp","href":"https:\/\/api.w.org\/{rel}","templated":true}]}}