{"id":115,"date":"2018-10-04T19:00:38","date_gmt":"2018-10-04T17:00:38","guid":{"rendered":"http:\/\/www.whatsbold.com\/clients\/hiko\/?page_id=115"},"modified":"2019-01-17T13:11:33","modified_gmt":"2019-01-17T12:11:33","slug":"podujatia","status":"publish","type":"page","link":"https:\/\/www.dt-ds-historikerkommission.de\/sk\/projekte\/podujatia\/","title":{"rendered":"Podujatia"},"content":{"rendered":"<p>&nbsp;<\/p>\n<p>Nasleduje preh\u013ead aktiv\u00edt Nemecko-\u010deskej a Nemecko-slovenskej komisie historikov zoraden\u00fdch pod\u013ea kateg\u00f3rie podujatia od jej vzniku v roku 1990:<\/p>\n<ul>\n<li>Medzin\u00e1rodn\u00e9 konferencie Nemecko-\u010deskej a Nemecko-slovenskej komisie historikov v Nemecku, \u010ceskoslovensku, resp. v \u010cesku a na Slovensku od roku 1990 do roku 2018 \u2013 zborn\u00edky z konferenci\u00ed pozri publik\u00e1cie<\/li>\n<li>Medzin\u00e1rodn\u00e1 konferencia spolu s Rak\u00fasko-\u010deskoslovensk\u00fdm v\u00fdborom historikov v roku 1991 vo Viedni \u2013 publik\u00e1cia: Mitteleuropa-Konzeptionen in der ersten H\u00e4lfte des 20. Jahrhunderts (Koncepcie strednej Eur\u00f3py v prvej polovici 20. storo\u010dia). Editori Richard G. Plaschka, Horst Haselsteiner, Arnold Suppan, Anna Maria Darbe a Birgitta Zaar, Wien 1995<\/li>\n<li>Neverejn\u00e9 redak\u010dn\u00e9 zasadnutie za \u00fa\u010delom vypracovania publik\u00e1cie Skizze einer Darstellung der deutsch-tschechischen Geschichte seit dem 19. Jahrhundert (N\u00e1\u010drt nemecko\u2013\u010desk\u00fdch dej\u00edn od 19. storo\u010dia, Karl\u00edk bei Prag, M\u00fcnchen u.a.) pozri publik\u00e1cie<\/li>\n<li>Od roku 1990 25 v\u00e4\u010d\u0161inou celodenn\u00fdch pracovn\u00fdch zasadnut\u00ed v Spolkovej republike Nemecko, v \u010ceskoslovensku, resp. v \u010cesku a na Slovensku<\/li>\n<li>Organizovanie jednej zo sekci\u00ed na 41. zjazde nemeck\u00fdch historikov roku 1996 v Mn\u00edchove \u2013 publik\u00e1cia: Geschichtsdiskurse und Geschichtsbilder im tschechisch-deutschen Dialog . In: Geschichte als Argument. 41. Deutscher Historikertag in M\u00fcnchen, 17. bis 20. September 1996. Berichtsband. Hrsg. im Auftrag des Verbandes der Historiker Deutschlands e.V. von Stefan Weinfurter und Frank Martin Siefarth (Historick\u00e9 diskurzy a obrazy hist\u00f3rie v \u010desko-nemeckom dial\u00f3gu. In: Dejiny ako argument. 41. Zjazd nemeck\u00fdch historikov v Mn\u00edchove 17.\u201320. septembra 1996. Zborn\u00edk. Z poverenia Zv\u00e4zu nemeck\u00fdch historikov ed. Stefan Weinfurter a Frank Martin Siefarth). M\u00fcnchen 1997, S. 166\u2013173<\/li>\n<li>Interdisciplin\u00e1rne pracovn\u00e9 stretnutie o ot\u00e1zke po\u010dtu obet\u00ed vyhnania 1996. Tla\u010dov\u00e9 vyhl\u00e1senie \u2013 pozri zoznam publik\u00e1cie<\/li>\n<li>\u0160tyri verejn\u00e9 p\u00f3diov\u00e9 diskusie v rokoch 1995, 1998 a 1999 o aktu\u00e1lnych v\u00fdro\u010diach d\u00f4le\u017eit\u00fdch pre nemecko-\u010desko(slovensk)\u00e9 vz\u0165ahy v Prahe a Bratislave<\/li>\n<li>Nemecko-\u010desk\u00fd workshop historikov (3 dni) s pr\u00edrodovedcami oboch kraj\u00edn, organizovan\u00fd roku 1998 spolu s Centrom humanitn\u00fdch vied pre dejiny a kult\u00faru stredov\u00fdchodnej Eur\u00f3py na Univerzite v Lipsku (s podporou Spolkov\u00e9ho ministerstva pre vzdelanie a v\u00fdskum)<\/li>\n<li>Organizovanie viacdenn\u00e9ho semin\u00e1ra pre novin\u00e1rov roku 1999 v Deidesheime (s podporou Nad\u00e1cie Roberta Boscha)<\/li>\n<li>\u00da\u010das\u0165 Nemecko-\u010deskej a Nemecko-slovenskej komisie historikov na medzin\u00e1rodnej konferencii \u00dastavu nemeck\u00fdch \u0161t\u00fadi\u00ed na Univerzite Birmingham<\/li>\n<li>Prezent\u00e1cia pracovn\u00fdch v\u00fdsledkov Nemecko-\u010deskej a Nemecko-slovenskej komisie historikov pre Koordina\u010dn\u00fa radu Nemecko-\u010desk\u00e9ho diskusn\u00e9ho f\u00f3ra roku 1999 v Norimbergu<\/li>\n<li>Iniciovanie resp. podporovanie prekladov (napr. Schlaglichter der deutschen Geschichte do \u010de\u0161tiny), v\u00fdskumn\u00fdch projektov (napr. Dejiny nemecko-\u010desk\u00fdch vz\u0165ahov v medzivojnovom obdob\u00ed na \u00dastave s\u00fa\u010dasn\u00fdch dej\u00edn v Mn\u00edchove) at\u010f.<br \/>\nDiskusie Nemecko-\u010deskej a Nemecko-slovenskej komisie historikov s prezidentmi \u010ceskej republiky resp. Spolkovej republiky Nemecko V\u00e1clavom Havlom a Romanom Herzogom roku 1995 v Dr\u00e1\u017e\u010fanoch; recepcie u prezidentov V\u00e1clava Havla, Michala Kov\u00e1\u010da, u ministra G\u00fcntera Verheugena (Ministerstvo zahrani\u010dn\u00fdch vec\u00ed SRN) u ministrov zahrani\u010dn\u00fdch vec\u00ed \u010ceskej republiky at\u010f., diskusie predsedov Nemecko-\u010deskej a Nemecko-slovenskej komisie historikov na ministerstv\u00e1ch zahrani\u010dn\u00fdch vec\u00ed z\u00fa\u010dastnen\u00fdch \u0161t\u00e1tov.<\/li>\n<li>\u00da\u010das\u0165 predsedov a \u010dlenov Nemecko-\u010deskej a Nemecko-slovenskej komisie historikov na ve\u013ekom po\u010dte verejn\u00fdch podujat\u00ed, konferenci\u00ed z oblasti politick\u00e9ho vzdel\u00e1vania a p\u00f3diov\u00fdch diskusi\u00ed, spojen\u00fdch s prezent\u00e1ciou pracovn\u00fdch v\u00fdsledkov komisie<\/li>\n<li>Ve\u013ek\u00fd po\u010det zasadnut\u00ed n\u00e1rodn\u00fdch sekci\u00ed Nemecko-\u010deskej a Nemecko-slovenskej komisie historikov v rokoch 1990\u20132018<\/li>\n<\/ul>\n","protected":false},"excerpt":{"rendered":"<p>&nbsp; Nasleduje preh\u013ead aktiv\u00edt Nemecko-\u010deskej a Nemecko-slovenskej komisie historikov zoraden\u00fdch pod\u013ea kateg\u00f3rie podujatia od jej vzniku v roku 1990: Medzin\u00e1rodn\u00e9 konferencie Nemecko-\u010deskej a Nemecko-slovenskej komisie historikov v Nemecku, \u010ceskoslovensku, resp. v \u010cesku a na Slovensku od roku 1990 do roku 2018 \u2013 zborn\u00edky z konferenci\u00ed pozri publik\u00e1cie Medzin\u00e1rodn\u00e1 konferencia spolu s Rak\u00fasko-\u010deskoslovensk\u00fdm v\u00fdborom historikov v [&hellip;]<\/p>\n","protected":false},"author":1,"featured_media":0,"parent":121,"menu_order":2,"comment_status":"closed","ping_status":"closed","template":"","meta":{"footnotes":""},"class_list":["post-115","page","type-page","status-publish","hentry"],"_links":{"self":[{"href":"https:\/\/www.dt-ds-historikerkommission.de\/sk\/wp-json\/wp\/v2\/pages\/115","targetHints":{"allow":["GET"]}}],"collection":[{"href":"https:\/\/www.dt-ds-historikerkommission.de\/sk\/wp-json\/wp\/v2\/pages"}],"about":[{"href":"https:\/\/www.dt-ds-historikerkommission.de\/sk\/wp-json\/wp\/v2\/types\/page"}],"author":[{"embeddable":true,"href":"https:\/\/www.dt-ds-historikerkommission.de\/sk\/wp-json\/wp\/v2\/users\/1"}],"replies":[{"embeddable":true,"href":"https:\/\/www.dt-ds-historikerkommission.de\/sk\/wp-json\/wp\/v2\/comments?post=115"}],"version-history":[{"count":6,"href":"https:\/\/www.dt-ds-historikerkommission.de\/sk\/wp-json\/wp\/v2\/pages\/115\/revisions"}],"predecessor-version":[{"id":795,"href":"https:\/\/www.dt-ds-historikerkommission.de\/sk\/wp-json\/wp\/v2\/pages\/115\/revisions\/795"}],"up":[{"embeddable":true,"href":"https:\/\/www.dt-ds-historikerkommission.de\/sk\/wp-json\/wp\/v2\/pages\/121"}],"wp:attachment":[{"href":"https:\/\/www.dt-ds-historikerkommission.de\/sk\/wp-json\/wp\/v2\/media?parent=115"}],"curies":[{"name":"wp","href":"https:\/\/api.w.org\/{rel}","templated":true}]}}