{"id":181,"date":"2018-02-13T17:45:55","date_gmt":"2018-02-13T16:45:55","guid":{"rendered":"http:\/\/www.whatsbold.com\/clients\/hiko\/projekte\/schulbuch\/"},"modified":"2019-01-24T14:00:16","modified_gmt":"2019-01-24T13:00:16","slug":"schulbuch","status":"publish","type":"page","link":"https:\/\/www.dt-ds-historikerkommission.de\/sk\/projekte\/schulbuch\/","title":{"rendered":"U\u010debn\u00fd Materi\u00e1l"},"content":{"rendered":"<h1><\/h1>\n<h1><strong>Nemci, \u010cesi a\u00a0Slov\u00e1ci v\u00a020. storo\u010d\u00ed. <\/strong><\/h1>\n<h1><strong>Materi\u00e1ly k vyu\u010dovaniu dejepisu<\/strong><\/h1>\n<p>&nbsp;<\/p>\n<p>Vydan\u00edm komentovanej zbierky prame\u0148ov k\u00a0dejin\u00e1m 20. storo\u010dia ako v\u00fdslovne dobrovo\u013en\u00e9ho <em>doplnkov\u00e9ho materi\u00e1lu<\/em> k\u00a0v\u00fdu\u010dbe na nemeck\u00fdch, \u010desk\u00fdch a\u00a0slovensk\u00fdch \u0161kol\u00e1ch\u00a0sa v r\u00e1mci Nemecko-\u010deskej a\u00a0Nemecko-slovenskej komisie historikov zaober\u00e1 pracovn\u00e1 skupina u\u017e viacero rokov. Nemeck\u00e1 verzia vyjde vo vydavate\u013estve Wochenschau-Verlag.<\/p>\n<p>Kniha sa venuje \u00fastredn\u00fdm t\u00e9mam vo vyu\u010dovan\u00ed vy\u0161\u0161\u00edch ro\u010dn\u00edkov na \u0161kol\u00e1ch v\u0161etk\u00fdch troch kraj\u00edn. V\u00a0pr\u00edpade Slovenska ide o\u00a0stredn\u00e9 \u0161koly, hlavne gymn\u00e1zi\u00e1. Upriamuje pozornos\u0165 na spolo\u010dn\u00e9 a\u00a0rozdielne momenty v\u00a0dejin\u00e1ch Nemcov, \u010cechov a\u00a0Slov\u00e1kov v\u00a0celoeur\u00f3pskom kontexte, pri\u010dom si autori zvolili stredoeur\u00f3psku perspekt\u00edvu. Materi\u00e1ly s\u00fa rozdelen\u00e9 do \u0161iestich kapitol:<\/p>\n<ol>\n<li><em> 19. storo\u010die a\u00a0za\u010diatok 20. storo\u010dia: Premeny moderny (Milo\u0161 \u0158ezn\u00edk)<\/em><\/li>\n<li><em> Prv\u00e1 svetov\u00e1 vojna <\/em><em>(Milo\u0161 \u0158ezn\u00edk)<\/em><\/li>\n<li><em> Medzivojnov\u00e9 obdobie (Du\u0161an Kov\u00e1\u010d, Martin Schulze Wessel)<\/em><\/li>\n<li><em> Druh\u00e1 svetov\u00e1 vojna (Volker Zimmermann)<\/em><\/li>\n<li><em> Konflikt medzi V\u00fdchodom a Z\u00e1padom (Volker Zimmermann)<\/em><\/li>\n<li><em> Zmena vo vz\u0165ahoch Nemcov, \u010cechov a\u00a0Slov\u00e1kov po roku 1989 (Vladim\u00edr Handl, Dieter Segert)<\/em><\/li>\n<\/ol>\n<p>Pred prame\u0148mi sa v\u00a0jednotliv\u00fdch kapitol\u00e1ch v\u017edy nach\u00e1dza \u010dasov\u00e1 priamka, didaktick\u00fd \u00favod a\u00a0rozsiahly text. Publik\u00e1ciu dop\u013a\u0148a glos\u00e1r z\u00e1kladn\u00fdch pojmov.<\/p>\n<p>V roku 2017 sa nadviazala spolupr\u00e1ca s Koordina\u010dn\u00fdm centrom \u010desko-nemeck\u00fdch v\u00fdmeny ml\u00e1de\u017ee TANDEM. V\u010faka spolupr\u00e1ci v\u00a0pracovnej skupine \u201eSpolo\u010dn\u00fdmi spomienkami k\u00a0spolo\u010dnej bud\u00facnosti\u201c mohli by\u0165 vytvoren\u00e9 kan\u00e1ly pre bud\u00facu diskusiu a\u00a0roz\u0161\u00edrenie u\u010debn\u00fdch materi\u00e1lov. Koncept materi\u00e1lov bol predstaven\u00fd v\u00a0roku 2018 na odbornom f\u00f3re TANDEM-u vo Forstenriede pri Mn\u00edchove ako aj na vysoko\u0161kolskom f\u00f3re \u010cesko-bavorskej vysoko\u0161kolskej agent\u00fary v\u00a0Mn\u00edchove.<\/p>\n<p>Projekt je financovan\u00fd DAAD (Deutscher Akademischer Austauschdienst) \u00a0z prostriedkov \u00a0Ministerstva zahrani\u010dn\u00fdch vec\u00ed Spolkovej republiky Nemecko.<\/p>\n","protected":false},"excerpt":{"rendered":"<p>Nemci, \u010cesi a\u00a0Slov\u00e1ci v\u00a020. storo\u010d\u00ed. Materi\u00e1ly k vyu\u010dovaniu dejepisu &nbsp; Vydan\u00edm komentovanej zbierky prame\u0148ov k\u00a0dejin\u00e1m 20. storo\u010dia ako v\u00fdslovne dobrovo\u013en\u00e9ho doplnkov\u00e9ho materi\u00e1lu k\u00a0v\u00fdu\u010dbe na nemeck\u00fdch, \u010desk\u00fdch a\u00a0slovensk\u00fdch \u0161kol\u00e1ch\u00a0sa v r\u00e1mci Nemecko-\u010deskej a\u00a0Nemecko-slovenskej komisie historikov zaober\u00e1 pracovn\u00e1 skupina u\u017e viacero rokov. Nemeck\u00e1 verzia vyjde vo vydavate\u013estve Wochenschau-Verlag. Kniha sa venuje \u00fastredn\u00fdm t\u00e9mam vo vyu\u010dovan\u00ed vy\u0161\u0161\u00edch ro\u010dn\u00edkov [&hellip;]<\/p>\n","protected":false},"author":1,"featured_media":0,"parent":121,"menu_order":1,"comment_status":"closed","ping_status":"closed","template":"","meta":{"footnotes":""},"class_list":["post-181","page","type-page","status-publish","hentry"],"_links":{"self":[{"href":"https:\/\/www.dt-ds-historikerkommission.de\/sk\/wp-json\/wp\/v2\/pages\/181","targetHints":{"allow":["GET"]}}],"collection":[{"href":"https:\/\/www.dt-ds-historikerkommission.de\/sk\/wp-json\/wp\/v2\/pages"}],"about":[{"href":"https:\/\/www.dt-ds-historikerkommission.de\/sk\/wp-json\/wp\/v2\/types\/page"}],"author":[{"embeddable":true,"href":"https:\/\/www.dt-ds-historikerkommission.de\/sk\/wp-json\/wp\/v2\/users\/1"}],"replies":[{"embeddable":true,"href":"https:\/\/www.dt-ds-historikerkommission.de\/sk\/wp-json\/wp\/v2\/comments?post=181"}],"version-history":[{"count":12,"href":"https:\/\/www.dt-ds-historikerkommission.de\/sk\/wp-json\/wp\/v2\/pages\/181\/revisions"}],"predecessor-version":[{"id":815,"href":"https:\/\/www.dt-ds-historikerkommission.de\/sk\/wp-json\/wp\/v2\/pages\/181\/revisions\/815"}],"up":[{"embeddable":true,"href":"https:\/\/www.dt-ds-historikerkommission.de\/sk\/wp-json\/wp\/v2\/pages\/121"}],"wp:attachment":[{"href":"https:\/\/www.dt-ds-historikerkommission.de\/sk\/wp-json\/wp\/v2\/media?parent=181"}],"curies":[{"name":"wp","href":"https:\/\/api.w.org\/{rel}","templated":true}]}}